{"id":1644,"date":"2011-01-12T08:01:43","date_gmt":"2011-01-12T11:01:43","guid":{"rendered":"http:\/\/mundobibliotecario.wordpress.com\/?page_id=1644"},"modified":"2020-07-26T15:24:27","modified_gmt":"2020-07-26T18:24:27","slug":"eventos-de-biblioteconomia-e-ciencia-da-informacao","status":"publish","type":"page","link":"https:\/\/mundobibliotecario.com.br\/index.php\/eventos-de-biblioteconomia-e-ciencia-da-informacao\/","title":{"rendered":"Eventos"},"content":{"rendered":"<p><iframe loading=\"lazy\" src=\"https:\/\/calendar.google.com\/calendar\/embed?src=mundobibliotecario.contato%40gmail.com&amp;ctz=America%2FSao_Paulo\" style=\"border: 0\" width=\"800\" height=\"600\" frameborder=\"0\" scrolling=\"no\"><\/iframe><\/p>\n","protected":false},"excerpt":{"rendered":"","protected":false},"author":1,"featured_media":0,"parent":0,"menu_order":4,"comment_status":"open","ping_status":"open","template":"","meta":{"_mi_skip_tracking":false,"_exactmetrics_sitenote_active":false,"_exactmetrics_sitenote_note":"","_exactmetrics_sitenote_category":0,"footnotes":""},"class_list":["post-1644","page","type-page","status-publish"],"jetpack_sharing_enabled":true,"jetpack-related-posts":[{"id":4072,"url":"https:\/\/mundobibliotecario.com.br\/index.php\/sobre\/","url_meta":{"origin":1644,"position":0},"title":"Sobre","author":"mundobibliotecario","date":"13\/07\/2008","format":false,"excerpt":"O blog Mundo Bibliotec\u00e1rio apresenta informa\u00e7\u00f5es relacionadas \u00e0 Biblioteconomia e Ci\u00eancia da Informa\u00e7\u00e3o: eventos, concursos e not\u00edcias em geral. \u00c9 mantido pelo bibliotec\u00e1rio Eduardo Graziosi Silva, que atualmente \u00e9 Bibliotec\u00e1rio da Se\u00e7\u00e3o de Atendimento ao Usu\u00e1rio do Servi\u00e7o de Biblioteca \"Prof. Dr. S\u00e9rgio Rodrigues Fontes\" da Escola de Engenharia de\u2026","rel":"","context":"Com 94 coment\u00e1rios","block_context":{"text":"Com 94 coment\u00e1rios","link":"https:\/\/mundobibliotecario.com.br\/index.php\/eventos-de-biblioteconomia-e-ciencia-da-informacao\/#disqus_thread"},"img":{"alt_text":"","src":"","width":0,"height":0},"classes":[]},{"id":10363,"url":"https:\/\/mundobibliotecario.com.br\/index.php\/e-book-curriculo-lattes\/","url_meta":{"origin":1644,"position":1},"title":"E-book Curr\u00edculo Lattes","author":"mundobibliotecario","date":"27\/03\/2025","format":false,"excerpt":"O passo a passo para preencher seu Lattes corretamente Saiba exatamente onde colocar cada informa\u00e7\u00e3o e nunca mais se preocupar com isso. Saiba mais Este e-book \u00e9 para voc\u00ea que... ... tem d\u00favidas sobre onde colocar cada informa\u00e7\u00e3o no Lattes.\u00a0... j\u00e1 perdeu oportunidades por erros no preenchimento do curr\u00edculo.\u00a0... quer\u2026","rel":"","context":"Post similar","block_context":{"text":"Post similar","link":""},"img":{"alt_text":"","src":"https:\/\/i0.wp.com\/mundobibliotecario.com.br\/wp-content\/uploads\/2025\/03\/CVLATTES-DESCOMPLICADO-683x1024.jpg?resize=350%2C200&ssl=1","width":350,"height":200},"classes":[]}],"jetpack_likes_enabled":true,"jetpack_shortlink":"https:\/\/wp.me\/Pcbzwa-qw","_links":{"self":[{"href":"https:\/\/mundobibliotecario.com.br\/index.php\/wp-json\/wp\/v2\/pages\/1644","targetHints":{"allow":["GET"]}}],"collection":[{"href":"https:\/\/mundobibliotecario.com.br\/index.php\/wp-json\/wp\/v2\/pages"}],"about":[{"href":"https:\/\/mundobibliotecario.com.br\/index.php\/wp-json\/wp\/v2\/types\/page"}],"author":[{"embeddable":true,"href":"https:\/\/mundobibliotecario.com.br\/index.php\/wp-json\/wp\/v2\/users\/1"}],"replies":[{"embeddable":true,"href":"https:\/\/mundobibliotecario.com.br\/index.php\/wp-json\/wp\/v2\/comments?post=1644"}],"version-history":[{"count":2,"href":"https:\/\/mundobibliotecario.com.br\/index.php\/wp-json\/wp\/v2\/pages\/1644\/revisions"}],"predecessor-version":[{"id":5923,"href":"https:\/\/mundobibliotecario.com.br\/index.php\/wp-json\/wp\/v2\/pages\/1644\/revisions\/5923"}],"wp:attachment":[{"href":"https:\/\/mundobibliotecario.com.br\/index.php\/wp-json\/wp\/v2\/media?parent=1644"}],"curies":[{"name":"wp","href":"https:\/\/api.w.org\/{rel}","templated":true}]}}